{"id":1086,"date":"2025-07-16T12:13:36","date_gmt":"2025-07-16T10:13:36","guid":{"rendered":"https:\/\/www.szymbud-pawilony.pl\/biurowe-2\/"},"modified":"2026-02-09T13:15:40","modified_gmt":"2026-02-09T12:15:40","slug":"kancelarske","status":"publish","type":"page","link":"https:\/\/www.szymbud-pawilony.pl\/sk\/ponuka\/kontajnery-zo-sendvicovych-panelov\/kancelarske\/","title":{"rendered":"Kancel\u00e1rske kontajnery"},"content":{"rendered":"\n<div class=\"wp-block-group main-wrapper px-5 is-layout-flow wp-block-group-is-layout-flow\">\n<div class=\"wp-block-columns gap-10 is-layout-flex wp-container-core-columns-is-layout-28f84493 wp-block-columns-is-layout-flex\">\n<div class=\"wp-block-column is-layout-flow wp-block-column-is-layout-flow\"><figure class=\"wp-block-post-featured-image\"><img loading=\"lazy\" decoding=\"async\" width=\"640\" height=\"480\" src=\"https:\/\/www.szymbud-pawilony.pl\/wp-content\/uploads\/2025\/07\/kontenery-biurowe.webp\" class=\"attachment-post-thumbnail size-post-thumbnail wp-post-image\" alt=\"kontener biurowy\" style=\"object-fit:cover;\" srcset=\"https:\/\/www.szymbud-pawilony.pl\/wp-content\/uploads\/2025\/07\/kontenery-biurowe.webp 640w, https:\/\/www.szymbud-pawilony.pl\/wp-content\/uploads\/2025\/07\/kontenery-biurowe-300x225.webp 300w\" sizes=\"auto, (max-width: 640px) 100vw, 640px\" \/><\/figure><\/div>\n\n\n\n<div class=\"wp-block-column text-container is-layout-flow wp-block-column-is-layout-flow\">\n<p class=\"has-medium-font-size\"><strong>Kancel\u00e1rske kontajnery<\/strong> predstavuj\u00fa r\u00fdchly a overen\u00fd sp\u00f4sob, ako vytvori\u0165 plne funk\u010dn\u00fd pracovn\u00fd priestor \u2013 bez zd\u013ahavej v\u00fdstavby a vysok\u00fdch n\u00e1kladov. Spolo\u010dnos\u0165 <strong>SZYM-BUD<\/strong> ako sk\u00fasen\u00fd <strong>v\u00fdrobca kancel\u00e1rskych kontajnerov<\/strong> realizuje modern\u00e9 kontajnerov\u00e9 kancel\u00e1rie zo sendvi\u010dov\u00fdch panelov, navrhovan\u00e9 individu\u00e1lne pod\u013ea potrieb investora, s presnos\u0165ou na centimeter.<\/p>\n\n\n<a class=\"mr-button \" href=\"https:\/\/www.szymbud-pawilony.pl\/sk\/kontakt\/\">\n  Kontaktujte n\u00e1s<\/a>\n<\/div>\n<\/div>\n\n\n<div class=\" spacing-top main-wrapper \" \/>\n<\/div><\/div>\n\n\n\n<div class=\"wp-block-group main-wrapper text-container px-5 is-layout-constrained wp-block-group-is-layout-constrained\">\n<h2 class=\"text-2xl md:text-3xl lg:text-4xl wp-block-mrblocks-generictext\">Kancel\u00e1rske kontajnery zo sendvi\u010dov\u00fdch panelov \u2013 funk\u010dnos\u0165 od prv\u00e9ho d\u0148a<\/h2>\n\n\n\n<p>Na\u0161e <strong>kancel\u00e1rske kontajnery zo sendvi\u010dov\u00fdch panelov<\/strong> s\u00fa celoro\u010dn\u00e9, zateplen\u00e9 objekty pripraven\u00e9 na pou\u017e\u00edvanie vo ve\u013emi kr\u00e1tkom \u010dase. Mont\u00e1\u017e trv\u00e1 len nieko\u013eko dn\u00ed a cel\u00fd proces realiz\u00e1cie sa uzatv\u00e1ra v priebehu nieko\u013ek\u00fdch t\u00fd\u017ed\u0148ov. Pre klientov, ktor\u00ed potrebuj\u00fa okam\u017eit\u00e9 rie\u0161enie, s\u00fa k dispoz\u00edcii aj <strong>kancel\u00e1rske kontajnery skladom<\/strong>, s mo\u017enos\u0165ou dodania u\u017e do 24 hod\u00edn.<\/p>\n\n\n\n<p>Ka\u017ed\u00fd objekt sa vyr\u00e1ba na individu\u00e1lnu objedn\u00e1vku \u2013 klient rozhoduje o:<\/p>\n\n\n\n<ul class=\"wp-block-list\">\n<li>rozmeroch kontajnera,<\/li>\n\n\n\n<li>dispozi\u010dnom rie\u0161en\u00ed miestnost\u00ed,<\/li>\n\n\n\n<li>farebnosti exteri\u00e9ru a interi\u00e9ru,<\/li>\n\n\n\n<li>type doplnkov\u00e9ho vybavenia.<\/li>\n<\/ul>\n\n\n\n<p>V\u010faka tomu sa <strong>kontajnerov\u00e9 kancel\u00e1rie<\/strong> osved\u010duj\u00fa ako s\u00eddla firiem, z\u00e1zemie stavieb, predajn\u00e9 kancel\u00e1rie, ako aj do\u010dasn\u00e9 alebo trval\u00e9 administrat\u00edvne priestory.<\/p>\n\n\n\n<h2 class=\"text-2xl md:text-3xl lg:text-4xl wp-block-mrblocks-generictext\">Sendvi\u010dov\u00fd panel \u2013 pevn\u00fd z\u00e1klad kancel\u00e1ri\u00ed z kontajnerov<\/h2>\n\n\n\n<p>Na v\u00fdstavbu pou\u017e\u00edvame v\u00fdlu\u010dne vysokokvalitn\u00e9 <strong>sendvi\u010dov\u00e9 panely (tzv. obornick\u00e9 panely)<\/strong>, objedn\u00e1van\u00e9 priamo od po\u013esk\u00fdch v\u00fdrobcov. Panely m\u00f4\u017eu ma\u0165 jadro:<\/p>\n\n\n\n<ul class=\"wp-block-list\">\n<li>polystyr\u00e9nov\u00e9,<\/li>\n\n\n\n<li>polyuret\u00e1nov\u00e9,<\/li>\n\n\n\n<li>z miner\u00e1lnej vlny.<\/li>\n<\/ul>\n\n\n\n<p>Zabezpe\u010duj\u00fa ve\u013emi dobr\u00e9 tepelnoizola\u010dn\u00e9 vlastnosti, n\u00edzky s\u00fa\u010dinite\u013e prestupu tepla a vysok\u00fa \u017eivotnos\u0165. V\u0161etky materi\u00e1ly disponuj\u00fa technick\u00fdmi schv\u00e1leniami ITB, hygienick\u00fdmi atestmi a po\u017eiarnou klasifik\u00e1ciou, \u010do zaru\u010duje bezpe\u010dnos\u0165 a s\u00falad s po\u013esk\u00fdmi normami.<\/p>\n\n\n\n<h2 class=\"text-2xl md:text-3xl lg:text-4xl wp-block-mrblocks-generictext\">Kancel\u00e1rie z kontajnerov \u2013 komfort pr\u00e1ce a maxim\u00e1lna flexibilita<\/h2>\n\n\n\n<p>Modern\u00e9 <strong>kancel\u00e1rie z kontajnerov<\/strong> pon\u00fakaj\u00fa vysok\u00fd u\u017e\u00edvate\u013esk\u00fd komfort. Objekty m\u00f4\u017eu by\u0165 vybaven\u00e9:<\/p>\n\n\n\n<ul class=\"wp-block-list\">\n<li>deliaci\u00admi prie\u010dkami rozde\u013euj\u00facimi priestor na viac miestnost\u00ed,<\/li>\n\n\n\n<li>elektroin\u0161tal\u00e1ciou a vykurovan\u00edm,<\/li>\n\n\n\n<li>samonosnou, zateplenou podlahou s povrchovou \u00fapravou z lamin\u00e1tov\u00fdch panelov alebo PVC,<\/li>\n\n\n\n<li>dekora\u010dn\u00fdmi prvkami, ako s\u00fa fas\u00e1dne dosky, obkladov\u00fd kame\u0148 \u010di ozdobn\u00e9 panely.<\/li>\n<\/ul>\n\n\n\n<p>\u013dahk\u00e1 kon\u0161trukcia znamen\u00e1, \u017ee kontajnery nie s\u00fa trvalo spojen\u00e9 so zemou. M\u00f4\u017eu by\u0165 osaden\u00e9 na z\u00e1kladovej doske, bet\u00f3nov\u00fdch p\u00e4tk\u00e1ch, z\u00e1mkovej dla\u017ebe alebo bet\u00f3nov\u00fdch paneloch \u2013 v z\u00e1vislosti od podmienok ter\u00e9nu a potrieb investora.<\/p>\n\n\n\n<h2 class=\"text-2xl md:text-3xl lg:text-4xl wp-block-mrblocks-generictext\">Pre\u010do si vybra\u0165 kancel\u00e1rske kontajnery SZYM-BUD?<\/h2>\n\n\n\n<p>Rozhodnut\u00edm pre <strong>kancel\u00e1rske kontajnery \u2013 v\u00fdrobca SZYM-BUD<\/strong> z\u00edskate:<\/p>\n\n\n\n<ul class=\"wp-block-list\">\n<li>ni\u017e\u0161ie investi\u010dn\u00e9 n\u00e1klady v porovnan\u00ed s tradi\u010dnou v\u00fdstavbou,<\/li>\n\n\n\n<li>ve\u013emi kr\u00e1tky \u010das realiz\u00e1cie,<\/li>\n\n\n\n<li>mo\u017enos\u0165 jednoduchej roz\u0161\u00edrite\u013enosti alebo premiestnenia objektu,<\/li>\n\n\n\n<li>modern\u00fd a estetick\u00fd vzh\u013ead,<\/li>\n\n\n\n<li>odoln\u00fa kon\u0161trukciu a n\u00edzke prev\u00e1dzkov\u00e9 n\u00e1klady.<\/li>\n<\/ul>\n\n\n\n<p>U\u017e dlh\u00e9 roky realizujeme projekty v Po\u013esku aj v zahrani\u010d\u00ed, okrem in\u00e9ho v Nemecku, \u0160vaj\u010diarsku, Rak\u00fasku a Taliansku, pri\u010dom sme dodali stovky objektov prisp\u00f4soben\u00fdch re\u00e1lnym potreb\u00e1m firemn\u00fdch z\u00e1kazn\u00edkov.<\/p>\n\n\n\n<p>Ak h\u013ead\u00e1te spo\u013eahliv\u00e9 rie\u0161enie, ktor\u00e9 sp\u00e1ja mobilitu, komfort a estetiku, <strong>kancel\u00e1rske kontajnery zo sendvi\u010dov\u00fdch (obornick\u00fdch) panelov<\/strong> od spolo\u010dnosti SZYM-BUD s\u00fa praktickou alternat\u00edvou k tradi\u010dn\u00fdm kancel\u00e1ri\u00e1m \u2013 pripravenou presne vtedy, ke\u010f ju potrebujete.<\/p>\n<\/div>\n","protected":false},"excerpt":{"rendered":"<p>Kancel\u00e1rske kontajnery predstavuj\u00fa r\u00fdchly a overen\u00fd sp\u00f4sob, ako vytvori\u0165 plne funk\u010dn\u00fd pracovn\u00fd priestor \u2013 bez zd\u013ahavej v\u00fdstavby a vysok\u00fdch n\u00e1kladov. Spolo\u010dnos\u0165 SZYM-BUD ako sk\u00fasen\u00fd v\u00fdrobca kancel\u00e1rskych kontajnerov realizuje modern\u00e9 kontajnerov\u00e9 kancel\u00e1rie zo sendvi\u010dov\u00fdch panelov, navrhovan\u00e9 individu\u00e1lne pod\u013ea potrieb investora, s presnos\u0165ou na centimeter. Na\u0161e kancel\u00e1rske kontajnery zo sendvi\u010dov\u00fdch panelov s\u00fa celoro\u010dn\u00e9, zateplen\u00e9 objekty pripraven\u00e9 na [&hellip;]<\/p>\n","protected":false},"author":1,"featured_media":1087,"parent":1094,"menu_order":0,"comment_status":"closed","ping_status":"closed","template":"wp-custom-template-strona-ofertowa","meta":{"footnotes":""},"class_list":["post-1086","page","type-page","status-publish","has-post-thumbnail","hentry"],"_links":{"self":[{"href":"https:\/\/www.szymbud-pawilony.pl\/sk\/wp-json\/wp\/v2\/pages\/1086","targetHints":{"allow":["GET"]}}],"collection":[{"href":"https:\/\/www.szymbud-pawilony.pl\/sk\/wp-json\/wp\/v2\/pages"}],"about":[{"href":"https:\/\/www.szymbud-pawilony.pl\/sk\/wp-json\/wp\/v2\/types\/page"}],"author":[{"embeddable":true,"href":"https:\/\/www.szymbud-pawilony.pl\/sk\/wp-json\/wp\/v2\/users\/1"}],"replies":[{"embeddable":true,"href":"https:\/\/www.szymbud-pawilony.pl\/sk\/wp-json\/wp\/v2\/comments?post=1086"}],"version-history":[{"count":3,"href":"https:\/\/www.szymbud-pawilony.pl\/sk\/wp-json\/wp\/v2\/pages\/1086\/revisions"}],"predecessor-version":[{"id":1667,"href":"https:\/\/www.szymbud-pawilony.pl\/sk\/wp-json\/wp\/v2\/pages\/1086\/revisions\/1667"}],"up":[{"embeddable":true,"href":"https:\/\/www.szymbud-pawilony.pl\/sk\/wp-json\/wp\/v2\/pages\/1094"}],"wp:featuredmedia":[{"embeddable":true,"href":"https:\/\/www.szymbud-pawilony.pl\/sk\/wp-json\/wp\/v2\/media\/1087"}],"wp:attachment":[{"href":"https:\/\/www.szymbud-pawilony.pl\/sk\/wp-json\/wp\/v2\/media?parent=1086"}],"curies":[{"name":"wp","href":"https:\/\/api.w.org\/{rel}","templated":true}]}}