{"id":1094,"date":"2025-07-16T10:48:26","date_gmt":"2025-07-16T08:48:26","guid":{"rendered":"https:\/\/www.szymbud-pawilony.pl\/kontenery-z-plyty-warstwowej\/"},"modified":"2026-02-09T13:11:15","modified_gmt":"2026-02-09T12:11:15","slug":"kontajnery-zo-sendvicovych-panelov","status":"publish","type":"page","link":"https:\/\/www.szymbud-pawilony.pl\/sk\/ponuka\/kontajnery-zo-sendvicovych-panelov\/","title":{"rendered":"Kontajnery zo sendvi\u010dov\u00fdch panelov"},"content":{"rendered":"\n<div class=\"wp-block-group main-wrapper px-5 is-layout-flow wp-block-group-is-layout-flow\">\n<div class=\"wp-block-columns gap-10 is-layout-flex wp-container-core-columns-is-layout-28f84493 wp-block-columns-is-layout-flex\">\n<div class=\"wp-block-column is-layout-flow wp-block-column-is-layout-flow\"><figure class=\"wp-block-post-featured-image\"><img loading=\"lazy\" decoding=\"async\" width=\"640\" height=\"480\" src=\"https:\/\/www.szymbud-pawilony.pl\/wp-content\/uploads\/2025\/07\/kontenery-biurowe.webp\" class=\"attachment-post-thumbnail size-post-thumbnail wp-post-image\" alt=\"kontener biurowy\" style=\"object-fit:cover;\" srcset=\"https:\/\/www.szymbud-pawilony.pl\/wp-content\/uploads\/2025\/07\/kontenery-biurowe.webp 640w, https:\/\/www.szymbud-pawilony.pl\/wp-content\/uploads\/2025\/07\/kontenery-biurowe-300x225.webp 300w\" sizes=\"auto, (max-width: 640px) 100vw, 640px\" \/><\/figure><\/div>\n\n\n\n<div class=\"wp-block-column text-container is-layout-flow wp-block-column-is-layout-flow\">\n<p class=\"has-medium-font-size\"><strong>Kontajnery zo sendvi\u010dov\u00fdch panelov<\/strong> predstavuj\u00fa r\u00fdchle a funk\u010dn\u00e9 rie\u0161enie pre firmy, ktor\u00e9 potrebuj\u00fa odoln\u00fd \u00fa\u017eitkov\u00fd objekt v kr\u00e1tkom \u010dase. V spolo\u010dnosti SZYM-BUD navrhujeme a vyr\u00e1bame kontajnery zo sendvi\u010dov\u00fdch panelov na individu\u00e1lnu objedn\u00e1vku \u2013 presne pod\u013ea pl\u00e1novan\u00e9ho vyu\u017eitia, lokality a rozpo\u010dtu.<\/p>\n\n\n<a class=\"mr-button \" href=\"https:\/\/www.szymbud-pawilony.pl\/sk\/kontakt\/\">\n  Kontaktujte n\u00e1s<\/a>\n<\/div>\n<\/div>\n\n\n<div class=\" spacing-top main-wrapper \" \/>\n<\/div><\/div>\n\n\n<!-- pages -->\n\n<div class=\"grid sm:grid-cols-2 gap-[1%] lg:grid-cols-[repeat(auto-fit,minmax(24%,1fr))] w-full justify-items-center md:gap-y-5 md:grid-cols-3  main-wrapper px-5\">\n  \n      <div class=\"flex flex-col w-full  overflow-hidden group max-w-[380px] md:max-w-none \" href=\"https:\/\/www.szymbud-pawilony.pl\/sk\/ponuka\/kontajnery-zo-sendvicovych-panelov\/servisne\/\">\n        <a href=\"https:\/\/www.szymbud-pawilony.pl\/sk\/ponuka\/kontajnery-zo-sendvicovych-panelov\/servisne\/\" class=\"block relative w-full overflow-hidden h-60 md:h-[350px]  max-w-sm  md:max-w-none\"><img decoding=\"async\"\n            srcset=\" https:\/\/www.szymbud-pawilony.pl\/wp-content\/uploads\/2025\/07\/kontenery-uslugowe-768x422.webp 768w, https:\/\/www.szymbud-pawilony.pl\/wp-content\/uploads\/2025\/07\/kontenery-uslugowe.webp 1200w\"\n            sizes=\"(max-width: 900px) 768px\"\n            src=\"https:\/\/www.szymbud-pawilony.pl\/wp-content\/uploads\/2025\/07\/kontenery-uslugowe.webp\"\n            alt=\"kontener us\u0142ugowy\"\n            class=\" absolute w-full h-full  object-cover hover:scale-[110%] hover:translate-x-2 duration-1000 \" \/><\/a>\n        <h3 class=\"pt-10 text-xl md:text-2xl text-primary link basic link-basic\"><a href=\"https:\/\/www.szymbud-pawilony.pl\/sk\/ponuka\/kontajnery-zo-sendvicovych-panelov\/servisne\/\">Servisn\u00e9 kontajnery<\/a><\/h3>\n\n        <div class=\"flex flex-col justify-end duration-300 grow \">\n\n          <p class=\"pt-10 \">Servisn\u00e9 kontajnery predstavuj\u00fa r\u00fdchly a funk\u010dn\u00fd sp\u00f4sob, ako vytvori\u0165 profesion\u00e1lny priestor na podnikanie \u2013 bez zd\u013ahavej v\u00fdstavby a zbyto\u010dn\u00fdch formal\u00edt. Spolo\u010dnos\u0165 SZYM-BUD ako sk\u00fasen\u00fd v\u00fdrobca realizuje servisn\u00e9 kontajnery zo sendvi\u010dov\u00fdch panelov na individu\u00e1lnu objedn\u00e1vku, pri\u010dom ka\u017ed\u00fd objekt prisp\u00f4sobuje konkr\u00e9tnemu vyu\u017eitiu a lokalite. Nami pon\u00fakan\u00e9 servisn\u00e9 kontajnery z obornick\u00e9ho panelu s\u00fa pr\u00edzemn\u00e9, celoro\u010dne vyu\u017eite\u013en\u00e9 a plne [&hellip;]<\/p>\n          <a href=\"https:\/\/www.szymbud-pawilony.pl\/sk\/ponuka\/kontajnery-zo-sendvicovych-panelov\/servisne\/\" class=\"flex items-center gap-2 pt-5 group\/item !text-primary\">Poznaj szczeg\u00f3\u0142y <svg xmlns=\"http:\/\/www.w3.org\/2000\/svg\" width=\"16\" height=\"16\" class=\"duration-300 group-hover\/item:translate-x-1 fill-primary\" viewBox=\"0 0 16 16\">\n              <path fill-rule=\"evenodd\" d=\"M1 8a.5.5 0 0 1 .5-.5h11.793l-3.147-3.146a.5.5 0 0 1 .708-.708l4 4a.5.5 0 0 1 0 .708l-4 4a.5.5 0 0 1-.708-.708L13.293 8.5H1.5A.5.5 0 0 1 1 8\" \/>\n            <\/svg><\/a>\n\n        <\/div>\n\n\n\n      <\/div>\n\n\n\n\n\n\n\n\n\n\n  \n      <div class=\"flex flex-col w-full  overflow-hidden group max-w-[380px] md:max-w-none \" href=\"https:\/\/www.szymbud-pawilony.pl\/sk\/ponuka\/kontajnery-zo-sendvicovych-panelov\/socialne\/\">\n        <a href=\"https:\/\/www.szymbud-pawilony.pl\/sk\/ponuka\/kontajnery-zo-sendvicovych-panelov\/socialne\/\" class=\"block relative w-full overflow-hidden h-60 md:h-[350px]  max-w-sm  md:max-w-none\"><img decoding=\"async\"\n            srcset=\" https:\/\/www.szymbud-pawilony.pl\/wp-content\/uploads\/2025\/07\/kontenery-socjalne-768x404.webp 768w, https:\/\/www.szymbud-pawilony.pl\/wp-content\/uploads\/2025\/07\/kontenery-socjalne.webp 1200w\"\n            sizes=\"(max-width: 900px) 768px\"\n            src=\"https:\/\/www.szymbud-pawilony.pl\/wp-content\/uploads\/2025\/07\/kontenery-socjalne.webp\"\n            alt=\"kontener socjalny\"\n            class=\" absolute w-full h-full  object-cover hover:scale-[110%] hover:translate-x-2 duration-1000 \" \/><\/a>\n        <h3 class=\"pt-10 text-xl md:text-2xl text-primary link basic link-basic\"><a href=\"https:\/\/www.szymbud-pawilony.pl\/sk\/ponuka\/kontajnery-zo-sendvicovych-panelov\/socialne\/\">Soci\u00e1lne kontajnery<\/a><\/h3>\n\n        <div class=\"flex flex-col justify-end duration-300 grow \">\n\n          <p class=\"pt-10 \">Soci\u00e1lne kontajnery s\u00fa r\u00fdchlym a funk\u010dn\u00fdm rie\u0161en\u00edm pre firmy, ktor\u00e9 potrebuj\u00fa zamestnaneck\u00e9 z\u00e1zemie pripraven\u00e9 na pou\u017e\u00edvanie v kr\u00e1tkom \u010dase. V spolo\u010dnosti SZYM-BUD navrhujeme a vyr\u00e1bame soci\u00e1lne kontajnery zo sendvi\u010dov\u00fdch panelov presne pod\u013ea potrieb investora \u2013 od rozmerov, cez dispoz\u00edciu miestnost\u00ed, a\u017e po vybavenie. Na\u0161e soci\u00e1lne kontajnery zo sendvi\u010dov\u00fdch panelov (tzv. obornick\u00e9 panely) sa osved\u010duj\u00fa v\u0161ade [&hellip;]<\/p>\n          <a href=\"https:\/\/www.szymbud-pawilony.pl\/sk\/ponuka\/kontajnery-zo-sendvicovych-panelov\/socialne\/\" class=\"flex items-center gap-2 pt-5 group\/item !text-primary\">Poznaj szczeg\u00f3\u0142y <svg xmlns=\"http:\/\/www.w3.org\/2000\/svg\" width=\"16\" height=\"16\" class=\"duration-300 group-hover\/item:translate-x-1 fill-primary\" viewBox=\"0 0 16 16\">\n              <path fill-rule=\"evenodd\" d=\"M1 8a.5.5 0 0 1 .5-.5h11.793l-3.147-3.146a.5.5 0 0 1 .708-.708l4 4a.5.5 0 0 1 0 .708l-4 4a.5.5 0 0 1-.708-.708L13.293 8.5H1.5A.5.5 0 0 1 1 8\" \/>\n            <\/svg><\/a>\n\n        <\/div>\n\n\n\n      <\/div>\n\n\n\n\n\n\n\n\n\n\n  \n      <div class=\"flex flex-col w-full  overflow-hidden group max-w-[380px] md:max-w-none \" href=\"https:\/\/www.szymbud-pawilony.pl\/sk\/ponuka\/kontajnery-zo-sendvicovych-panelov\/obytne\/\">\n        <a href=\"https:\/\/www.szymbud-pawilony.pl\/sk\/ponuka\/kontajnery-zo-sendvicovych-panelov\/obytne\/\" class=\"block relative w-full overflow-hidden h-60 md:h-[350px]  max-w-sm  md:max-w-none\"><img decoding=\"async\"\n            srcset=\" https:\/\/www.szymbud-pawilony.pl\/wp-content\/uploads\/2025\/07\/kontenery-mieszkalne-768x576.webp 768w, https:\/\/www.szymbud-pawilony.pl\/wp-content\/uploads\/2025\/07\/kontenery-mieszkalne.webp 1200w\"\n            sizes=\"(max-width: 900px) 768px\"\n            src=\"https:\/\/www.szymbud-pawilony.pl\/wp-content\/uploads\/2025\/07\/kontenery-mieszkalne.webp\"\n            alt=\"kontener mieszkalny\"\n            class=\" absolute w-full h-full  object-cover hover:scale-[110%] hover:translate-x-2 duration-1000 \" \/><\/a>\n        <h3 class=\"pt-10 text-xl md:text-2xl text-primary link basic link-basic\"><a href=\"https:\/\/www.szymbud-pawilony.pl\/sk\/ponuka\/kontajnery-zo-sendvicovych-panelov\/obytne\/\">Obytn\u00e9 kontajnery<\/a><\/h3>\n\n        <div class=\"flex flex-col justify-end duration-300 grow \">\n\n          <p class=\"pt-10 \">Obytn\u00e9 kontajnery predstavuj\u00fa r\u00fdchly a overen\u00fd sp\u00f4sob, ako vytvori\u0165 komfortn\u00fd priestor na b\u00fdvanie \u2013 bez dlhomesa\u010dnej v\u00fdstavby a vysok\u00fdch n\u00e1kladov. V ponuke spolo\u010dnosti SZYM-BUD sa nach\u00e1dzaj\u00fa celoro\u010dn\u00e9 obytn\u00e9 kontajnery zo sendvi\u010dov\u00fdch panelov, navrhovan\u00e9 individu\u00e1lne a vyr\u00e1ban\u00e9 presne pod\u013ea potrieb pou\u017e\u00edvate\u013ea. Ide o rie\u0161enie, ktor\u00e9 sp\u00e1ja funk\u010dnos\u0165, trv\u00e1cnos\u0165 a modern\u00fd vzh\u013ead \u2013 ako samostatn\u00fd obytn\u00fd objekt [&hellip;]<\/p>\n          <a href=\"https:\/\/www.szymbud-pawilony.pl\/sk\/ponuka\/kontajnery-zo-sendvicovych-panelov\/obytne\/\" class=\"flex items-center gap-2 pt-5 group\/item !text-primary\">Poznaj szczeg\u00f3\u0142y <svg xmlns=\"http:\/\/www.w3.org\/2000\/svg\" width=\"16\" height=\"16\" class=\"duration-300 group-hover\/item:translate-x-1 fill-primary\" viewBox=\"0 0 16 16\">\n              <path fill-rule=\"evenodd\" d=\"M1 8a.5.5 0 0 1 .5-.5h11.793l-3.147-3.146a.5.5 0 0 1 .708-.708l4 4a.5.5 0 0 1 0 .708l-4 4a.5.5 0 0 1-.708-.708L13.293 8.5H1.5A.5.5 0 0 1 1 8\" \/>\n            <\/svg><\/a>\n\n        <\/div>\n\n\n\n      <\/div>\n\n\n\n\n\n\n\n\n\n\n  \n      <div class=\"flex flex-col w-full  overflow-hidden group max-w-[380px] md:max-w-none \" href=\"https:\/\/www.szymbud-pawilony.pl\/sk\/ponuka\/kontajnery-zo-sendvicovych-panelov\/obchodne\/\">\n        <a href=\"https:\/\/www.szymbud-pawilony.pl\/sk\/ponuka\/kontajnery-zo-sendvicovych-panelov\/obchodne\/\" class=\"block relative w-full overflow-hidden h-60 md:h-[350px]  max-w-sm  md:max-w-none\"><img decoding=\"async\"\n            srcset=\" https:\/\/www.szymbud-pawilony.pl\/wp-content\/uploads\/2025\/07\/kontenery-handlowe-1-768x576.webp 768w, https:\/\/www.szymbud-pawilony.pl\/wp-content\/uploads\/2025\/07\/kontenery-handlowe-1.webp 1200w\"\n            sizes=\"(max-width: 900px) 768px\"\n            src=\"https:\/\/www.szymbud-pawilony.pl\/wp-content\/uploads\/2025\/07\/kontenery-handlowe-1.webp\"\n            alt=\"kontener handlowy\"\n            class=\" absolute w-full h-full  object-cover hover:scale-[110%] hover:translate-x-2 duration-1000 \" \/><\/a>\n        <h3 class=\"pt-10 text-xl md:text-2xl text-primary link basic link-basic\"><a href=\"https:\/\/www.szymbud-pawilony.pl\/sk\/ponuka\/kontajnery-zo-sendvicovych-panelov\/obchodne\/\">Obchodn\u00e9 kontajnery<\/a><\/h3>\n\n        <div class=\"flex flex-col justify-end duration-300 grow \">\n\n          <p class=\"pt-10 \">Ako v\u00fdrobca obchodn\u00fdch kontajnerov sa spolo\u010dnos\u0165 SZYM-BUD u\u017e dlh\u00e9 roky \u0161pecializuje na v\u00fdstavbu objektov zo sendvi\u010dov\u00fdch panelov, zn\u00e1mych aj ako obornick\u00e9 panely. Zrealizovali sme stovky invest\u00edci\u00ed na Slovensku, v Po\u013esku, Nemecku, Rak\u00fasku, \u0160vaj\u010diarsku \u010di Taliansku. Ka\u017ed\u00fd kontajner vznik\u00e1 na z\u00e1klade skuto\u010dn\u00fdch potrieb klienta \u2013 od rozmerov, cez farebn\u00e9 prevedenie a\u017e po technick\u00e9 vybavenie. Obchodn\u00e9 kontajnery [&hellip;]<\/p>\n          <a href=\"https:\/\/www.szymbud-pawilony.pl\/sk\/ponuka\/kontajnery-zo-sendvicovych-panelov\/obchodne\/\" class=\"flex items-center gap-2 pt-5 group\/item !text-primary\">Poznaj szczeg\u00f3\u0142y <svg xmlns=\"http:\/\/www.w3.org\/2000\/svg\" width=\"16\" height=\"16\" class=\"duration-300 group-hover\/item:translate-x-1 fill-primary\" viewBox=\"0 0 16 16\">\n              <path fill-rule=\"evenodd\" d=\"M1 8a.5.5 0 0 1 .5-.5h11.793l-3.147-3.146a.5.5 0 0 1 .708-.708l4 4a.5.5 0 0 1 0 .708l-4 4a.5.5 0 0 1-.708-.708L13.293 8.5H1.5A.5.5 0 0 1 1 8\" \/>\n            <\/svg><\/a>\n\n        <\/div>\n\n\n\n      <\/div>\n\n\n\n\n\n\n\n\n\n\n  \n      <div class=\"flex flex-col w-full  overflow-hidden group max-w-[380px] md:max-w-none \" href=\"https:\/\/www.szymbud-pawilony.pl\/sk\/ponuka\/kontajnery-zo-sendvicovych-panelov\/kancelarske\/\">\n        <a href=\"https:\/\/www.szymbud-pawilony.pl\/sk\/ponuka\/kontajnery-zo-sendvicovych-panelov\/kancelarske\/\" class=\"block relative w-full overflow-hidden h-60 md:h-[350px]  max-w-sm  md:max-w-none\"><img decoding=\"async\"\n            srcset=\" https:\/\/www.szymbud-pawilony.pl\/wp-content\/uploads\/2025\/07\/kontenery-biurowe.webp 768w, https:\/\/www.szymbud-pawilony.pl\/wp-content\/uploads\/2025\/07\/kontenery-biurowe.webp 1200w\"\n            sizes=\"(max-width: 900px) 768px\"\n            src=\"https:\/\/www.szymbud-pawilony.pl\/wp-content\/uploads\/2025\/07\/kontenery-biurowe.webp\"\n            alt=\"kontener biurowy\"\n            class=\" absolute w-full h-full  object-cover hover:scale-[110%] hover:translate-x-2 duration-1000 \" \/><\/a>\n        <h3 class=\"pt-10 text-xl md:text-2xl text-primary link basic link-basic\"><a href=\"https:\/\/www.szymbud-pawilony.pl\/sk\/ponuka\/kontajnery-zo-sendvicovych-panelov\/kancelarske\/\">Kancel\u00e1rske kontajnery<\/a><\/h3>\n\n        <div class=\"flex flex-col justify-end duration-300 grow \">\n\n          <p class=\"pt-10 \">Kancel\u00e1rske kontajnery predstavuj\u00fa r\u00fdchly a overen\u00fd sp\u00f4sob, ako vytvori\u0165 plne funk\u010dn\u00fd pracovn\u00fd priestor \u2013 bez zd\u013ahavej v\u00fdstavby a vysok\u00fdch n\u00e1kladov. Spolo\u010dnos\u0165 SZYM-BUD ako sk\u00fasen\u00fd v\u00fdrobca kancel\u00e1rskych kontajnerov realizuje modern\u00e9 kontajnerov\u00e9 kancel\u00e1rie zo sendvi\u010dov\u00fdch panelov, navrhovan\u00e9 individu\u00e1lne pod\u013ea potrieb investora, s presnos\u0165ou na centimeter. Na\u0161e kancel\u00e1rske kontajnery zo sendvi\u010dov\u00fdch panelov s\u00fa celoro\u010dn\u00e9, zateplen\u00e9 objekty pripraven\u00e9 na [&hellip;]<\/p>\n          <a href=\"https:\/\/www.szymbud-pawilony.pl\/sk\/ponuka\/kontajnery-zo-sendvicovych-panelov\/kancelarske\/\" class=\"flex items-center gap-2 pt-5 group\/item !text-primary\">Poznaj szczeg\u00f3\u0142y <svg xmlns=\"http:\/\/www.w3.org\/2000\/svg\" width=\"16\" height=\"16\" class=\"duration-300 group-hover\/item:translate-x-1 fill-primary\" viewBox=\"0 0 16 16\">\n              <path fill-rule=\"evenodd\" d=\"M1 8a.5.5 0 0 1 .5-.5h11.793l-3.147-3.146a.5.5 0 0 1 .708-.708l4 4a.5.5 0 0 1 0 .708l-4 4a.5.5 0 0 1-.708-.708L13.293 8.5H1.5A.5.5 0 0 1 1 8\" \/>\n            <\/svg><\/a>\n\n        <\/div>\n\n\n\n      <\/div>\n\n\n\n\n\n\n\n\n\n\n  <\/div>\n\n<div class=\" spacing-top main-wrapper \" \/>\n<\/div>\n\n\n<div class=\"wp-block-group main-wrapper text-container px-5 is-layout-constrained wp-block-group-is-layout-constrained\">\n<h2 class=\"text-2xl md:text-3xl lg:text-4xl wp-block-mrblocks-generictext\">Kontajnery zo sendvi\u010dov\u00fdch panelov \u2013 \u010do je to za rie\u0161enie?<\/h2>\n\n\n\n<p>Kontajnery s\u00fa vyhotoven\u00e9 v technol\u00f3gii \u013eahk\u00e9ho opl\u00e1\u0161tenia s pou\u017eit\u00edm <strong>sendvi\u010dov\u00fdch panelov (tzv. obornick\u00fdch panelov)<\/strong>. To znamen\u00e1 ve\u013emi dobr\u00e9 tepelnoizola\u010dn\u00e9 vlastnosti, n\u00edzku hmotnos\u0165 kon\u0161trukcie a mo\u017enos\u0165 r\u00fdchlej mont\u00e1\u017ee. Objekty s\u00fa pr\u00edzemn\u00e9, celoro\u010dn\u00e9 a nevy\u017eaduj\u00fa zd\u013ahav\u00e9 stavebn\u00e9 pr\u00e1ce.<\/p>\n\n\n\n<p>Ka\u017ed\u00fd kontajner vznik\u00e1 na objedn\u00e1vku \u2013 z\u00e1kazn\u00edk rozhoduje o <strong>rozmeroch, dispozi\u010dnom rie\u0161en\u00ed interi\u00e9ru, farebnosti a vybaven\u00ed<\/strong>. Projekty realizujeme s presnos\u0165ou na centimeter, preto\u017ee pr\u00e1ve pou\u017e\u00edvate\u013e najlep\u0161ie pozn\u00e1 svoje potreby.<\/p>\n\n\n\n<h2 class=\"text-2xl md:text-3xl lg:text-4xl wp-block-mrblocks-generictext\">Kontajnery z obornick\u00fdch panelov \u2013 odolnos\u0165 a izol\u00e1cia<\/h2>\n\n\n\n<p>Na v\u00fdrobu pou\u017e\u00edvame sendvi\u010dov\u00e9 panely s jadrom:<\/p>\n\n\n\n<ul class=\"wp-block-list\">\n<li>polystyr\u00e9nov\u00fdm,<\/li>\n\n\n\n<li>polyuret\u00e1nov\u00fdm (PUR),<\/li>\n\n\n\n<li>z miner\u00e1lnej vlny.<\/li>\n<\/ul>\n\n\n\n<p>Materi\u00e1ly poch\u00e1dzaj\u00fa od renomovan\u00fdch po\u013esk\u00fdch v\u00fdrobcov a disponuj\u00fa <strong>technick\u00fdm schv\u00e1len\u00edm ITB, hygienick\u00fdm atestom a po\u017eiarnou klasifik\u00e1ciou<\/strong>. V\u010faka tomu kontajnery z obornick\u00fdch panelov sp\u013a\u0148aj\u00fa aktu\u00e1lne stavebn\u00e9 normy a zabezpe\u010duj\u00fa n\u00edzky s\u00fa\u010dinite\u013e prestupu tepla, \u010do re\u00e1lne zni\u017euje prev\u00e1dzkov\u00e9 n\u00e1klady.<\/p>\n\n\n\n<h2 class=\"text-2xl md:text-3xl lg:text-4xl wp-block-mrblocks-generictext\">Vyu\u017eitie kontajnerov zo sendvi\u010dov\u00fdch panelov<\/h2>\n\n\n\n<p>Kontajnery zo sendvi\u010dov\u00fdch panelov nach\u00e1dzaj\u00fa uplatnenie v mnoh\u00fdch odvetviach. Naj\u010dastej\u0161ie sa pou\u017e\u00edvaj\u00fa ako:<\/p>\n\n\n\n<ul class=\"wp-block-list\">\n<li>kancel\u00e1rske a soci\u00e1lne kontajnery,<\/li>\n\n\n\n<li>vr\u00e1tnice a str\u00e1\u017enice,<\/li>\n\n\n\n<li>stavebn\u00e9 z\u00e1zemia,<\/li>\n\n\n\n<li>obchodn\u00e9 a servisn\u00e9 kontajnery,<\/li>\n\n\n\n<li>technick\u00e9 alebo skladov\u00e9 priestory.<\/li>\n<\/ul>\n\n\n\n<p>Flexibiln\u00e1 kon\u0161trukcia umo\u017e\u0148uje jednoduch\u00e9 prisp\u00f4sobenie objektu meniacim sa potreb\u00e1m, ak sa pl\u00e1nuje roz\u0161\u00edrenie alebo zmena funkcie.<\/p>\n\n\n\n<h2 class=\"text-2xl md:text-3xl lg:text-4xl wp-block-mrblocks-generictext\">Vybavenie a mo\u017enosti personaliz\u00e1cie<\/h2>\n\n\n\n<p>Ka\u017ed\u00fd kontajner m\u00f4\u017ee by\u0165 vybaven\u00fd pod\u013ea \u00fa\u010delu vyu\u017eitia. Pon\u00fakame okrem in\u00e9ho:<\/p>\n\n\n\n<ul class=\"wp-block-list\">\n<li>mont\u00e1\u017e deliacej prie\u010dky,<\/li>\n\n\n\n<li>elektroin\u0161tal\u00e1ciu a vykurovanie,<\/li>\n\n\n\n<li>samonosn\u00fa, zateplen\u00fa podlahu na oce\u013eovom ro\u0161te,<\/li>\n\n\n\n<li>fin\u00e1lnu \u00fapravu podlahy lamin\u00e1tom alebo PVC krytinou,<\/li>\n\n\n\n<li>dekora\u010dn\u00e9 prvky fas\u00e1dy, napr. fas\u00e1dne dosky, obkladov\u00fd kame\u0148, ozdobn\u00e9 panely alebo kazety.<\/li>\n<\/ul>\n\n\n\n<p>Kontajnery s\u00fa dostupn\u00e9 v \u0161irokej \u0161k\u00e1le farieb RAL, \u010do u\u013eah\u010duje ich zos\u00faladenie s vizu\u00e1lnou identitou firmy.<\/p>\n\n\n\n<h2 class=\"text-2xl md:text-3xl lg:text-4xl wp-block-mrblocks-generictext\">R\u00fdchla mont\u00e1\u017e a kr\u00e1tky \u010das realiz\u00e1cie<\/h2>\n\n\n\n<p>Jednou z najv\u00e4\u010d\u0161\u00edch v\u00fdhod tohto rie\u0161enia je \u010das. <strong>Mont\u00e1\u017e kontajnera trv\u00e1 len nieko\u013eko dn\u00ed<\/strong> a cel\u00fd proces realiz\u00e1cie sa uzatv\u00e1ra v priebehu nieko\u013ek\u00fdch t\u00fd\u017ed\u0148ov. Okrem toho pon\u00fakame kontajnery skladom, ktor\u00e9 m\u00f4\u017eeme doda\u0165 u\u017e do 24 hod\u00edn \u2013 ak je \u010das rozhoduj\u00facim faktorom.<\/p>\n\n\n\n<p>Objekty nie s\u00fa trvalo spojen\u00e9 so zemou. Mo\u017eno ich osadi\u0165 na z\u00e1kladov\u00fa dosku, bet\u00f3nov\u00e9 bloky, z\u00e1mkov\u00fa dla\u017ebu alebo bet\u00f3nov\u00e9 panely, v z\u00e1vislosti od podmienok na pozemku.<\/p>\n\n\n\n<h2 class=\"text-2xl md:text-3xl lg:text-4xl wp-block-mrblocks-generictext\">Kontajnery zo sendvi\u010dov\u00fdch panelov \u2013 v\u00fdrobca SZYM-BUD<\/h2>\n\n\n\n<p>Ako <strong>v\u00fdrobca kontajnerov zo sendvi\u010dov\u00fdch panelov<\/strong> sa spolo\u010dnos\u0165 SZYM-BUD u\u017e dlh\u00e9 roky \u0161pecializuje na v\u00fdstavbu objektov z obornick\u00fdch panelov. Realizovali sme stovky projektov v Po\u013esku a tie\u017e napr\u00edklad v Nemecku, \u0160vaj\u010diarsku, Rak\u00fasku a Taliansku. D\u00f4raz kladieme na kvalitu spracovania, zodpovednos\u0165 a individu\u00e1lny pr\u00edstup ku ka\u017ed\u00e9mu projektu.<\/p>\n\n\n\n<p>V\u0161etky kontajnery s\u00fa zateplen\u00e9, celoro\u010dn\u00e9 a poskytujeme na ne z\u00e1ruku. Na \u017eelanie zabezpe\u010dujeme aj kompletn\u00fa technick\u00fa dokument\u00e1ciu.<\/p>\n\n\n\n<h2 class=\"text-2xl md:text-3xl lg:text-4xl wp-block-mrblocks-generictext\">Pre\u010do si vybra\u0165 kontajnery z obornick\u00fdch panelov?<\/h2>\n\n\n\n<p>Medzi hlavn\u00e9 v\u00fdhody patria:<\/p>\n\n\n\n<ul class=\"wp-block-list\">\n<li>ni\u017e\u0161ie investi\u010dn\u00e9 n\u00e1klady v porovnan\u00ed s tradi\u010dnou v\u00fdstavbou,<\/li>\n\n\n\n<li>ve\u013emi kr\u00e1tky \u010das realiz\u00e1cie,<\/li>\n\n\n\n<li>mobilita a mo\u017enos\u0165 premiestnenia objektu,<\/li>\n\n\n\n<li>jednoduch\u00e9 roz\u0161\u00edrenie do bud\u00facna,<\/li>\n\n\n\n<li>modern\u00fd a estetick\u00fd vzh\u013ead.<\/li>\n<\/ul>\n\n\n\n<p>Ak zva\u017eujete <strong>kontajnery zo sendvi\u010dov\u00fdch panelov alebo kontajnery z obornick\u00fdch panelov<\/strong>, v\u00fdber sk\u00fasen\u00e9ho v\u00fdrobcu je k\u013e\u00fa\u010dom k trv\u00e1cnemu a funk\u010dn\u00e9mu rie\u0161eniu. SZYM-BUD pon\u00faka objekty prisp\u00f4soben\u00e9 re\u00e1lnym potreb\u00e1m podnikania.<\/p>\n<\/div>\n","protected":false},"excerpt":{"rendered":"<p>Kontajnery zo sendvi\u010dov\u00fdch panelov predstavuj\u00fa r\u00fdchle a funk\u010dn\u00e9 rie\u0161enie pre firmy, ktor\u00e9 potrebuj\u00fa odoln\u00fd \u00fa\u017eitkov\u00fd objekt v kr\u00e1tkom \u010dase. V spolo\u010dnosti SZYM-BUD navrhujeme a vyr\u00e1bame kontajnery zo sendvi\u010dov\u00fdch panelov na individu\u00e1lnu objedn\u00e1vku \u2013 presne pod\u013ea pl\u00e1novan\u00e9ho vyu\u017eitia, lokality a rozpo\u010dtu. Kontajnery s\u00fa vyhotoven\u00e9 v technol\u00f3gii \u013eahk\u00e9ho opl\u00e1\u0161tenia s pou\u017eit\u00edm sendvi\u010dov\u00fdch panelov (tzv. obornick\u00fdch panelov). To [&hellip;]<\/p>\n","protected":false},"author":1,"featured_media":1087,"parent":1103,"menu_order":0,"comment_status":"closed","ping_status":"closed","template":"wp-custom-template-strona-ofertowa","meta":{"footnotes":""},"class_list":["post-1094","page","type-page","status-publish","has-post-thumbnail","hentry"],"_links":{"self":[{"href":"https:\/\/www.szymbud-pawilony.pl\/sk\/wp-json\/wp\/v2\/pages\/1094","targetHints":{"allow":["GET"]}}],"collection":[{"href":"https:\/\/www.szymbud-pawilony.pl\/sk\/wp-json\/wp\/v2\/pages"}],"about":[{"href":"https:\/\/www.szymbud-pawilony.pl\/sk\/wp-json\/wp\/v2\/types\/page"}],"author":[{"embeddable":true,"href":"https:\/\/www.szymbud-pawilony.pl\/sk\/wp-json\/wp\/v2\/users\/1"}],"replies":[{"embeddable":true,"href":"https:\/\/www.szymbud-pawilony.pl\/sk\/wp-json\/wp\/v2\/comments?post=1094"}],"version-history":[{"count":3,"href":"https:\/\/www.szymbud-pawilony.pl\/sk\/wp-json\/wp\/v2\/pages\/1094\/revisions"}],"predecessor-version":[{"id":1664,"href":"https:\/\/www.szymbud-pawilony.pl\/sk\/wp-json\/wp\/v2\/pages\/1094\/revisions\/1664"}],"up":[{"embeddable":true,"href":"https:\/\/www.szymbud-pawilony.pl\/sk\/wp-json\/wp\/v2\/pages\/1103"}],"wp:featuredmedia":[{"embeddable":true,"href":"https:\/\/www.szymbud-pawilony.pl\/sk\/wp-json\/wp\/v2\/media\/1087"}],"wp:attachment":[{"href":"https:\/\/www.szymbud-pawilony.pl\/sk\/wp-json\/wp\/v2\/media?parent=1094"}],"curies":[{"name":"wp","href":"https:\/\/api.w.org\/{rel}","templated":true}]}}