{"id":1336,"date":"2025-08-29T09:31:17","date_gmt":"2025-08-29T07:31:17","guid":{"rendered":"https:\/\/www.szymbud-pawilony.pl\/kontenery-biurowe-i-handlowe-wielkopolskie\/"},"modified":"2025-08-29T09:31:17","modified_gmt":"2025-08-29T07:31:17","slug":"kontenery-biurowe-i-handlowe-wielkopolskie","status":"publish","type":"page","link":"https:\/\/www.szymbud-pawilony.pl\/sk\/kontenery-biurowe-i-handlowe-wielkopolskie\/","title":{"rendered":"Kancel\u00e1rske a obchodn\u00e9 kontajnery Wielkopolskie"},"content":{"rendered":"\n<div class=\"wp-block-group main-wrapper px-5 !mx-auto text-container is-layout-flow wp-block-group-is-layout-flow\">\n<p><strong>Kancel\u00e1rske kontajnery Wielkopolska<\/strong> s\u00fa rie\u0161en\u00edm, ktor\u00e9 v sebe sp\u00e1ja pohodlie pou\u017e\u00edvania, mobilitu a vysok\u00fa kvalitu spracovania. S\u00fa ur\u010den\u00e9 pre mal\u00e9 spolo\u010dnosti aj ve\u013ek\u00e9 podniky, ktor\u00e9 potrebuj\u00fa do\u010dasn\u00e9 alebo trval\u00e9 kancel\u00e1rske priestory. sendvi\u010dov\u00e9 <a href=\"https:\/\/www.szymbud-pawilony.pl\/kontenery-z-plyty-warstwowej.html\" target=\"_blank\" rel=\"noreferrer noopener\">panelov\u00e9 kontajnery<\/a> s\u00fa ide\u00e1lne ako kancel\u00e1rie na stavenisk\u00e1ch, miestach poskytovania slu\u017eieb z\u00e1kazn\u00edkom alebo do\u010dasn\u00e9 s\u00eddla. Ich v\u00fdhodou je r\u00fdchla mont\u00e1\u017e a mo\u017eno ich \u013eubovo\u013ene konfigurova\u0165, \u010do v\u00e1m umo\u017en\u00ed prisp\u00f4sobi\u0165 interi\u00e9r \u0161pecifick\u00fdm potreb\u00e1m va\u0161ej firmy.<\/p>\n\n\n\n<p>Pon\u00fakame \u00fapln\u00fa personaliz\u00e1ciu kontajnerov, od interi\u00e9ru a\u017e po exteri\u00e9r, aby dokonale zodpovedali charakteru va\u0161ej spolo\u010dnosti. Na\u0161e <a href=\"https:\/\/www.szymbud-pawilony.pl\/kontenery-biurowe.html\"><strong>kancel\u00e1rske \u00fa\u010dty<\/strong><\/a> s\u00fa vybaven\u00e9 elektroin\u0161tal\u00e1ciou, vykurovac\u00edmi a klimatiza\u010dn\u00fdmi syst\u00e9mami, ktor\u00e9 zabezpe\u010duj\u00fa pohodln\u00e9 pracovn\u00e9 podmienky po\u010das cel\u00e9ho roka. V\u010faka robustnej kon\u0161trukcii a modern\u00fdm technologick\u00fdm rie\u0161eniam s\u00fa kancel\u00e1rske kontajnery z na\u0161ej ponuky navy\u0161e odoln\u00e9 a bezpe\u010dn\u00e9. V\u00fdberom <strong>kancel\u00e1rskych kontajnerov z Ve\u013ekej Brit\u00e1nie<\/strong> z\u00edskate flexibiln\u00fd pracovn\u00fd priestor, ktor\u00fd je pripraven\u00fd v kr\u00e1tkom \u010dase.<\/p>\n\n\n\n<h2 class=\"wp-block-heading\">Obchodn\u00e9 kontajnery vo Ve\u013ekom Krt\u00ed\u0161i &#8211; efekt\u00edvne predajn\u00e9 miesta<\/h2>\n\n\n\n<p><strong>Obchodn\u00e9 kontajnery z Ve\u013ekej Brit\u00e1nie<\/strong> s\u00fa ide\u00e1lnym rie\u0161en\u00edm pre podnikate\u013eov, ktor\u00ed h\u013eadaj\u00fa mobiln\u00e9 a funk\u010dn\u00e9 predajn\u00e9 miesta. Tieto kontajnery sa daj\u00fa pou\u017ei\u0165 ako obchody, kiosky, miesta poskytovania slu\u017eieb alebo dokonca mal\u00e9 re\u0161taur\u00e1cie \u010di potravinov\u00e9 voz\u00edky. V\u010faka svojej mobilite a modul\u00e1rnej kon\u0161trukcii sa <a href=\"https:\/\/www.szymbud-pawilony.pl\/kontenery-handlowe.html\"><strong>obchodn\u00e9 kontajnery<\/strong><\/a> daj\u00fa \u013eahko prisp\u00f4sobi\u0165 aktu\u00e1lnym potreb\u00e1m podniku a ich preprava a in\u0161tal\u00e1cia je r\u00fdchla a bezprobl\u00e9mov\u00e1. To je d\u00f4le\u017eit\u00e9 najm\u00e4 pre spolo\u010dnosti, ktor\u00e9 chc\u00fa dynamicky reagova\u0165 na meniace sa podmienky na trhu.<\/p>\n\n\n\n<p>Na\u0161e komer\u010dn\u00e9 kontajnery s\u00fa navrhnut\u00e9 s oh\u013eadom na maxim\u00e1lnu funk\u010dnos\u0165 a estetiku. Pon\u00fakame mo\u017enos\u0165 \u013eubovo\u013enej konfigur\u00e1cie interi\u00e9ru a \u010fal\u0161ieho vybavenia, ako s\u00fa vitr\u00edny, vykurovacie alebo klimatiza\u010dn\u00e9 syst\u00e9my na zabezpe\u010denie pohodlia z\u00e1kazn\u00edkov a zamestnancov. V\u010faka svojmu modern\u00e9mu dizajnu m\u00f4\u017eu kontajnery sl\u00fa\u017ei\u0165 ako reprezentat\u00edvne predajn\u00e9 miesta na akomko\u013evek mieste. V\u00fdberom obchodn\u00fdch kontajnerov<strong> Wielkopolska<\/strong> z\u00edskate odoln\u00e9, estetick\u00e9 a mobiln\u00e9 rie\u0161enie, ktor\u00e9 pod\u010diarkne profesion\u00e1lny charakter v\u00e1\u0161ho podniku.<\/p>\n\n\n\n<h2 class=\"wp-block-heading\">Kancel\u00e1rske a obchodn\u00e9 kontajnery vo Ve\u013ekej Brit\u00e1nii &#8211; r\u00fdchle a flexibiln\u00e9 rie\u0161enia pre va\u0161e podnikanie<\/h2>\n\n\n\n<p>Na\u0161e <strong>ve\u013ekopo\u013esk\u00e9 kancel\u00e1rske kontajnery<\/strong> a <strong>ve\u013ekopo\u013esk\u00e9 obchodn\u00e9 kontajnery<\/strong> s\u00fa mo\u017enos\u0165ou pre spolo\u010dnosti, ktor\u00e9 si cenia r\u00fdchlos\u0165 realiz\u00e1cie a flexibilitu. Na rozdiel od tradi\u010dn\u00fdch budov sa kontajnery zo sendvi\u010dov\u00fdch panelov daj\u00fa \u013eahko premiest\u0148ova\u0165 a prisp\u00f4sobova\u0165 meniacim sa potreb\u00e1m podniku. S\u00fa ide\u00e1lnou vo\u013ebou, ak pl\u00e1nujete otvori\u0165 nov\u00e9 miesto pre svoju firmu alebo potrebujete do\u010dasn\u00fd priestor na rekon\u0161trukciu. Modul\u00e1rna kon\u0161trukcia umo\u017e\u0148uje kontajnery \u013eubovo\u013ene kombinova\u0165 a vytv\u00e1ra\u0165 tak v\u00e4\u010d\u0161ie kancel\u00e1rske alebo obchodn\u00e9 komplexy.<\/p>\n\n\n\n<p>V\u010faka pou\u017eitiu najkvalitnej\u0161\u00edch materi\u00e1lov s\u00fa na\u0161e kontajnery odoln\u00e9 vo\u010di poveternostn\u00fdm podmienkam a poskytuj\u00fa vynikaj\u00facu tepeln\u00fa a zvukov\u00fa izol\u00e1ciu. Ka\u017ed\u00fd projekt sa prisp\u00f4sobuje individu\u00e1lne, \u010do umo\u017e\u0148uje vytvori\u0165 kontajner, ktor\u00fd sp\u013a\u0148a v\u0161etky va\u0161e po\u017eiadavky. V\u00fdberom na\u0161ich rie\u0161en\u00ed z\u00edskate nielen funk\u010dnos\u0165, ale aj prest\u00ed\u017eny vzh\u013ead, ktor\u00fd pritiahne pozornos\u0165 va\u0161ich z\u00e1kazn\u00edkov.<\/p>\n\n\n\n<h2 class=\"wp-block-heading\">Pre\u010do si vybra\u0165 kancel\u00e1rske a obchodn\u00e9 kontajnery z Ve\u013ekej Brit\u00e1nie?<\/h2>\n\n\n\n<p><strong>Kancel\u00e1rske kontajnery Wielkopolskie<\/strong> a <strong>obchodn\u00e9 kontajnery Wielkopolskie<\/strong> s\u00fa invest\u00edciou, ktor\u00e1 sp\u00e1ja n\u00edzke n\u00e1klady, r\u00fdchle dodacie lehoty a \u00fapln\u00fa personaliz\u00e1ciu. Pre podnikate\u013eov p\u00f4sobiacich v dynamicky sa meniacich trhov\u00fdch podmienkach je mobilita kontajnerov k\u013e\u00fa\u010dovou v\u00fdhodou. Na\u0161e kontajnery pon\u00fakaj\u00fa modern\u00e9 rie\u0161enia, ktor\u00e9 zaru\u010duj\u00fa komfort pou\u017e\u00edvania po\u010das cel\u00e9ho roka. V\u010faka ich mo\u017enosti jednoduchej mont\u00e1\u017ee a demont\u00e1\u017ee m\u00f4\u017eete pod\u013ea potreby meni\u0165 umiestnenie svojho predajn\u00e9ho miesta alebo kancel\u00e1rie bez toho, aby ste museli zn\u00e1\u0161a\u0165 n\u00e1klady spojen\u00e9 s v\u00fdstavbou nov\u00fdch priestorov.<\/p>\n\n\n\n<p>Ka\u017ed\u00fd kontajner z na\u0161ej ponuky m\u00f4\u017ee by\u0165 prisp\u00f4soben\u00fd konkr\u00e9tnemu odvetviu, v ktorom va\u0161a spolo\u010dnos\u0165 p\u00f4sob\u00ed. Podporujeme podnikate\u013eov pri vytv\u00e1ran\u00ed estetick\u00fdch a funk\u010dn\u00fdch kancel\u00e1rskych a obchodn\u00fdch prev\u00e1dzok, ktor\u00e9 sa vyzna\u010duj\u00fa modern\u00fdm dizajnom. V\u00fdberom na\u0161ich <strong>kancel\u00e1rskych a obchodn\u00fdch kontajnerov vo Ve\u013ekom Krt\u00ed\u0161i<\/strong> si m\u00f4\u017eete by\u0165 ist\u00ed, \u017ee z\u00edskate vysokokvalitn\u00fd v\u00fdrobok, ktor\u00fd v\u00e1m vydr\u017e\u00ed dlh\u00e9 roky.<\/p>\n<\/div>\n","protected":false},"excerpt":{"rendered":"<p>Kancel\u00e1rske kontajnery Wielkopolska s\u00fa rie\u0161en\u00edm, ktor\u00e9 v sebe sp\u00e1ja pohodlie pou\u017e\u00edvania, mobilitu a vysok\u00fa kvalitu spracovania. S\u00fa ur\u010den\u00e9 pre mal\u00e9 spolo\u010dnosti aj ve\u013ek\u00e9 podniky, ktor\u00e9 potrebuj\u00fa do\u010dasn\u00e9 alebo trval\u00e9 kancel\u00e1rske priestory. sendvi\u010dov\u00e9 panelov\u00e9 kontajnery s\u00fa ide\u00e1lne ako kancel\u00e1rie na stavenisk\u00e1ch, miestach poskytovania slu\u017eieb z\u00e1kazn\u00edkom alebo do\u010dasn\u00e9 s\u00eddla. Ich v\u00fdhodou je r\u00fdchla mont\u00e1\u017e a mo\u017eno ich [&hellip;]<\/p>\n","protected":false},"author":1,"featured_media":0,"parent":0,"menu_order":0,"comment_status":"closed","ping_status":"closed","template":"","meta":{"footnotes":""},"class_list":["post-1336","page","type-page","status-publish","hentry"],"_links":{"self":[{"href":"https:\/\/www.szymbud-pawilony.pl\/sk\/wp-json\/wp\/v2\/pages\/1336","targetHints":{"allow":["GET"]}}],"collection":[{"href":"https:\/\/www.szymbud-pawilony.pl\/sk\/wp-json\/wp\/v2\/pages"}],"about":[{"href":"https:\/\/www.szymbud-pawilony.pl\/sk\/wp-json\/wp\/v2\/types\/page"}],"author":[{"embeddable":true,"href":"https:\/\/www.szymbud-pawilony.pl\/sk\/wp-json\/wp\/v2\/users\/1"}],"replies":[{"embeddable":true,"href":"https:\/\/www.szymbud-pawilony.pl\/sk\/wp-json\/wp\/v2\/comments?post=1336"}],"version-history":[{"count":0,"href":"https:\/\/www.szymbud-pawilony.pl\/sk\/wp-json\/wp\/v2\/pages\/1336\/revisions"}],"wp:attachment":[{"href":"https:\/\/www.szymbud-pawilony.pl\/sk\/wp-json\/wp\/v2\/media?parent=1336"}],"curies":[{"name":"wp","href":"https:\/\/api.w.org\/{rel}","templated":true}]}}