{"id":1337,"date":"2025-08-29T09:30:52","date_gmt":"2025-08-29T07:30:52","guid":{"rendered":"https:\/\/www.szymbud-pawilony.pl\/kontenery-biurowe-i-handlowe-mazowieckie\/"},"modified":"2025-08-29T09:30:52","modified_gmt":"2025-08-29T07:30:52","slug":"kontenery-biurowe-i-handlowe-mazowieckie","status":"publish","type":"page","link":"https:\/\/www.szymbud-pawilony.pl\/sk\/kontenery-biurowe-i-handlowe-mazowieckie\/","title":{"rendered":"Kancel\u00e1rske a obchodn\u00e9 kontajnery Mazowieckie"},"content":{"rendered":"\n<div class=\"wp-block-group main-wrapper px-5 !mx-auto text-container is-layout-flow wp-block-group-is-layout-flow\">\n<p><strong>Kancel\u00e1rske kontajnery Mazowieckie<\/strong> s\u00fa ide\u00e1lnym rie\u0161en\u00edm pre firmy, ktor\u00e9 h\u013eadaj\u00fa r\u00fdchle a funk\u010dn\u00e9 pracovn\u00e9 priestory. Tieto mobiln\u00e9 kancel\u00e1rie bud\u00fa dobre fungova\u0165 v ak\u00fdchko\u013evek podmienkach a pon\u00fakaj\u00fa pohodln\u00e9 miesto na pr\u00e1cu na stavenisk\u00e1ch, v do\u010dasn\u00fdch kancel\u00e1ri\u00e1ch a po\u010das rekon\u0161trukci\u00ed. V\u010faka robustnej kon\u0161trukcii a kvalitn\u00e9mu vyhotoveniu poskytuj\u00fa <a href=\"https:\/\/www.szymbud-pawilony.pl\/kontenery-biurowe.html\"><strong>kancel\u00e1rske \u00fa\u010dty<\/strong><\/a> pracovn\u00fd komfort a bezpe\u010dnos\u0165 na najvy\u0161\u0161ej \u00farovni.<\/p>\n\n\n\n<p>Na\u0161e kontajnery s\u00fa k dispoz\u00edcii v r\u00f4znych konfigur\u00e1ci\u00e1ch, \u010do v\u00e1m umo\u017e\u0148uje flexibilne ich prisp\u00f4sobi\u0165 potreb\u00e1m va\u0161ej spolo\u010dnosti. Pon\u00fakame tie\u017e mo\u017enos\u0165 \u00faplnej personaliz\u00e1cie &#8211; od vn\u00fatorn\u00fdch povrchov\u00fdch \u00faprav a\u017e po vybavenie. Z\u00edskate tak kancel\u00e1riu, ktor\u00e1 bude plne sp\u013a\u0148a\u0165 va\u0161e o\u010dak\u00e1vania z h\u013eadiska estetiky aj funk\u010dnosti. Kancel\u00e1rske kontajnery s\u00fa modern\u00fdm rie\u0161en\u00edm, ktor\u00e9 v\u00e1m umo\u017en\u00ed r\u00fdchlo vytvori\u0165 pohodln\u00e9 miesto na pr\u00e1cu kdeko\u013evek.<\/p>\n\n\n\n<h2 class=\"wp-block-heading\">Komer\u010dn\u00e9 kontajnery Mazovia &#8211; mobilita a v\u0161estrannos\u0165<\/h2>\n\n\n\n<p><strong>Obchodn\u00e9 kontajnery Mazowieckie<\/strong> s\u00fa v\u00fdbornou vo\u013ebou pre podnikate\u013eov, ktor\u00ed potrebuj\u00fa do\u010dasn\u00e9 predajne alebo chc\u00fa r\u00fdchlo roz\u0161\u00edri\u0165 svoje podnikanie v nov\u00fdch lokalit\u00e1ch. V\u010faka svojej mobilite a mo\u017enosti jednoduchej prepravy sa tieto kontajnery dobre uplatnia ako obchody, st\u00e1nky, stravovacie prev\u00e1dzky alebo kancel\u00e1rie slu\u017eieb z\u00e1kazn\u00edkom. Vysok\u00e1 kvalita spracovania a estetick\u00fd vzh\u013ead zabezpe\u010dia profesion\u00e1lny imid\u017e v\u00e1\u0161ho podniku.<\/p>\n\n\n\n<p>Pon\u00fakame <a href=\"https:\/\/www.szymbud-pawilony.pl\/kontenery-handlowe.html\"><strong>komer\u010dn\u00e9 \u00fa\u010dty<\/strong><\/a> r\u00f4znych ve\u013ekost\u00ed, ktor\u00e9 mo\u017eno prisp\u00f4sobi\u0165 \u0161pecifick\u00fdm potreb\u00e1m odvetvia. Na\u0161e v\u00fdrobky s\u00fa plne vybaven\u00e9, s mo\u017enos\u0165ou \u00fapravy interi\u00e9ru a in\u0161tal\u00e1cie \u010fal\u0161\u00edch prvkov, ako s\u00fa v\u00fdklady alebo posuvn\u00e9 dvere. Komer\u010dn\u00e9 kontajnery pon\u00fakaj\u00fa pohodlie, bezpe\u010dnos\u0165 a profesion\u00e1lny vzh\u013ead &#8211; v\u0161etko, \u010do potrebujete na r\u00fdchle vytvorenie funk\u010dn\u00e9ho predajn\u00e9ho miesta.<\/p>\n\n\n\n<h2 class=\"wp-block-heading\">V\u00fdhody kancel\u00e1rskych a obchodn\u00fdch kontajnerov v Mazovsku<\/h2>\n\n\n\n<p>V\u00fdberom <strong>kancel\u00e1rskych kontajnerov Mazowieckie<\/strong> alebo <strong>komer\u010dn\u00fdch kontajnerov Mazowieckie<\/strong> investujete do modern\u00e9ho a flexibiln\u00e9ho rie\u0161enia pre va\u0161e podnikanie. Tieto kontajnery sa vyzna\u010duj\u00fa r\u00fdchlym \u010dasom realiz\u00e1cie, tak\u017ee m\u00f4\u017eete ma\u0165 svoje pracovn\u00e9 alebo obchodn\u00e9 priestory pripraven\u00e9 v kr\u00e1tkom \u010dase. Okrem toho ich modul\u00e1rna kon\u0161trukcia umo\u017e\u0148uje jednoduch\u00e9 roz\u0161\u00edrenie priestorov pod\u013ea toho, ako sa va\u0161e podnikanie rozrast\u00e1, \u010do je u\u017eito\u010dn\u00e9 najm\u00e4 v r\u00fdchlo sa meniacich podmienkach na trhu.<\/p>\n\n\n\n<p>V\u010faka pou\u017eitiu najkvalitnej\u0161\u00edch materi\u00e1lov s\u00fa kancel\u00e1rske a obchodn\u00e9 kontajnery nielen odoln\u00e9, ale aj odoln\u00e9 vo\u010di poveternostn\u00fdm vplyvom. Vynikaj\u00faca tepeln\u00e1 a akustick\u00e1 izol\u00e1cia zabezpe\u010duje pohodln\u00e9 pracovn\u00e9 podmienky po\u010das cel\u00e9ho roka. Ke\u010f si vyberiete na\u0161e kontajnery, m\u00f4\u017eete si by\u0165 ist\u00ed, \u017ee z\u00edskavate vysokokvalitn\u00fd v\u00fdrobok, ktor\u00fd je ide\u00e1lny na ak\u00e9ko\u013evek miesto bez oh\u013eadu na jeho \u00fa\u010del pou\u017eitia.<\/p>\n\n\n\n<h2 class=\"wp-block-heading\">R\u00fdchle a funk\u010dn\u00e9 rie\u0161enia &#8211; kancel\u00e1rske a obchodn\u00e9 kontajnery Mazowieckie<\/h2>\n\n\n\n<p><strong>Kancel\u00e1rske kontajnery Mazowieckie<\/strong> a <strong>obchodn\u00e9 kontajnery Mazowieckie<\/strong> s\u00fa dokonalou kombin\u00e1ciou funk\u010dnosti, mobility a estetiky. \u010ci u\u017e potrebujete do\u010dasn\u00fa kancel\u00e1riu, obchod alebo predaj\u0148u slu\u017eieb, na\u0161e kontajnery poskytuj\u00fa flexibilitu a pohodlie. V\u010faka mo\u017enosti jednoduchej prepravy a r\u00fdchlej in\u0161tal\u00e1cie m\u00f4\u017ee va\u0161e podnikanie za\u010da\u0165 na novom mieste bez zbyto\u010dn\u00fdch prie\u0165ahov.<\/p>\n\n\n\n<p>Na\u0161e kontajnery s\u00fa navrhnut\u00e9 s oh\u013eadom na \u010do najlep\u0161ie vyu\u017eitie priestoru a pohodlie pou\u017e\u00edvate\u013ea. Okrem toho pon\u00fakame \u00fapln\u00fa personaliz\u00e1ciu, tak\u017ee si m\u00f4\u017eete interi\u00e9r prisp\u00f4sobi\u0165 svojim potreb\u00e1m. Bez oh\u013eadu na va\u0161u lokalitu s\u00fa <strong>kancel\u00e1rske a obchodn\u00e9 kontajnery Mazovia<\/strong> rie\u0161en\u00edm, ktor\u00e9 v\u00e1m u\u0161etr\u00ed \u010das a peniaze a z\u00e1rove\u0148 poskytne pln\u00fa funk\u010dnos\u0165 a estetick\u00fd vzh\u013ead.<\/p>\n<\/div>\n","protected":false},"excerpt":{"rendered":"<p>Kancel\u00e1rske kontajnery Mazowieckie s\u00fa ide\u00e1lnym rie\u0161en\u00edm pre firmy, ktor\u00e9 h\u013eadaj\u00fa r\u00fdchle a funk\u010dn\u00e9 pracovn\u00e9 priestory. Tieto mobiln\u00e9 kancel\u00e1rie bud\u00fa dobre fungova\u0165 v ak\u00fdchko\u013evek podmienkach a pon\u00fakaj\u00fa pohodln\u00e9 miesto na pr\u00e1cu na stavenisk\u00e1ch, v do\u010dasn\u00fdch kancel\u00e1ri\u00e1ch a po\u010das rekon\u0161trukci\u00ed. V\u010faka robustnej kon\u0161trukcii a kvalitn\u00e9mu vyhotoveniu poskytuj\u00fa kancel\u00e1rske \u00fa\u010dty pracovn\u00fd komfort a bezpe\u010dnos\u0165 na najvy\u0161\u0161ej \u00farovni. Na\u0161e [&hellip;]<\/p>\n","protected":false},"author":1,"featured_media":0,"parent":0,"menu_order":0,"comment_status":"closed","ping_status":"closed","template":"","meta":{"footnotes":""},"class_list":["post-1337","page","type-page","status-publish","hentry"],"_links":{"self":[{"href":"https:\/\/www.szymbud-pawilony.pl\/sk\/wp-json\/wp\/v2\/pages\/1337","targetHints":{"allow":["GET"]}}],"collection":[{"href":"https:\/\/www.szymbud-pawilony.pl\/sk\/wp-json\/wp\/v2\/pages"}],"about":[{"href":"https:\/\/www.szymbud-pawilony.pl\/sk\/wp-json\/wp\/v2\/types\/page"}],"author":[{"embeddable":true,"href":"https:\/\/www.szymbud-pawilony.pl\/sk\/wp-json\/wp\/v2\/users\/1"}],"replies":[{"embeddable":true,"href":"https:\/\/www.szymbud-pawilony.pl\/sk\/wp-json\/wp\/v2\/comments?post=1337"}],"version-history":[{"count":0,"href":"https:\/\/www.szymbud-pawilony.pl\/sk\/wp-json\/wp\/v2\/pages\/1337\/revisions"}],"wp:attachment":[{"href":"https:\/\/www.szymbud-pawilony.pl\/sk\/wp-json\/wp\/v2\/media?parent=1337"}],"curies":[{"name":"wp","href":"https:\/\/api.w.org\/{rel}","templated":true}]}}