{"id":1338,"date":"2025-08-29T09:30:07","date_gmt":"2025-08-29T07:30:07","guid":{"rendered":"https:\/\/www.szymbud-pawilony.pl\/kontenery-biurowe-i-handlowe-malopolska\/"},"modified":"2025-08-29T09:30:07","modified_gmt":"2025-08-29T07:30:07","slug":"kontenery-biurowe-i-handlowe-malopolska","status":"publish","type":"page","link":"https:\/\/www.szymbud-pawilony.pl\/sk\/kontenery-biurowe-i-handlowe-malopolska\/","title":{"rendered":"Kancel\u00e1rske a obchodn\u00e9 kontajnery Ma\u0142opolska"},"content":{"rendered":"\n<div class=\"wp-block-group main-wrapper px-5 !mx-auto text-container is-layout-flow wp-block-group-is-layout-flow\">\n<p>Spolo\u010dnos\u0165 Szymbud sa \u0161pecializuje na poskytovanie modern\u00fdch, funk\u010dn\u00fdch a estetick\u00fdch kontajnerov. Ak h\u013ead\u00e1te <strong>kancel\u00e1rske kontajnery<\/strong> alebo <strong>obchodn\u00e9 kontajnery v Malopo\u013esku<\/strong>, toto je ide\u00e1lne miesto, kde n\u00e1jdete optim\u00e1lne rie\u0161enia. Na\u0161e v\u00fdrobky sp\u013a\u0148aj\u00fa najvy\u0161\u0161ie \u0161tandardy a sp\u00e1jaj\u00fa v sebe odolnos\u0165, mobilitu a modern\u00fd dizajn, v\u010faka \u010domu s\u00fa ide\u00e1lne na pou\u017eitie v kancel\u00e1rskych aj obchodn\u00fdch priestoroch.<\/p>\n\n\n\n<h2 class=\"wp-block-heading\">Modern\u00e9 kancel\u00e1rske kontajnery Ma\u0142opolska &#8211; ide\u00e1lny pracovn\u00fd priestor<\/h2>\n\n\n\n<p><strong><a href=\"https:\/\/www.szymbud-pawilony.pl\/kontenery-biurowe.html\">Kancel\u00e1rske kontajnery<\/a><\/strong> s\u00fa ide\u00e1lnou alternat\u00edvou k tradi\u010dn\u00fdm kancel\u00e1rskym budov\u00e1m, najm\u00e4 pre spolo\u010dnosti, ktor\u00e9 potrebuj\u00fa flexibiln\u00e9 rie\u0161enia. Na\u0161e <strong>kancel\u00e1rske kontajnery v Malopo\u013esku<\/strong> s\u00fa priestory, ktor\u00e9 sa daj\u00fa \u013eahko prisp\u00f4sobi\u0165 \u0161pecifik\u00e1m va\u0161ej firmy a pon\u00fakaj\u00fa pohodln\u00e9 pracovn\u00e9 podmienky. V z\u00e1vislosti od va\u0161ich potrieb je mo\u017en\u00e9 kontajnery vybavi\u0165 potrebn\u00fdmi in\u0161tal\u00e1ciami, ako s\u00fa klimatiz\u00e1cia, k\u00farenie, elektrick\u00e1 sie\u0165 alebo pr\u00edvod vody.<\/p>\n\n\n\n<p>V\u010faka modul\u00e1rnej kon\u0161trukcii mo\u017eno kontajnery \u013eubovo\u013ene kombinova\u0165 a vytv\u00e1ra\u0165 v\u00e4\u010d\u0161ie kancel\u00e1rske komplexy alebo ich ponecha\u0165 ako samostatn\u00e9 prenosn\u00e9 kancel\u00e1rie. Na\u0161e kancel\u00e1rske kontajnery sa vyzna\u010duj\u00fa vysokou odolnos\u0165ou vo\u010di poveternostn\u00fdm vplyvom a jednoduchou mont\u00e1\u017eou, \u010do z nich rob\u00ed ide\u00e1lne rie\u0161enie pre r\u00fdchlo rast\u00face spolo\u010dnosti.<\/p>\n\n\n\n<h2 class=\"wp-block-heading\">Obchodn\u00e9 kontajnery Malopo\u013esk\u00e9ho regi\u00f3nu &#8211; Obchody, kiosky a miesta slu\u017eieb v mobilnom vydan\u00ed<\/h2>\n\n\n\n<p>Na\u0161e <strong><a href=\"https:\/\/www.szymbud-pawilony.pl\/kontenery-handlowe.html\">komer\u010dn\u00e9 \u00fa\u010dty<\/a> v Malopo\u013esku<\/strong> s\u00fa skvel\u00fdm rie\u0161en\u00edm pre podnikate\u013eov, ktor\u00ed chc\u00fa r\u00fdchlo a efekt\u00edvne za\u010da\u0165 obchodn\u00fa \u010dinnos\u0165 na novom mieste. V\u010faka svojej mobilite a funk\u010dnosti s\u00fa obchodn\u00e9 kontajnery ide\u00e1lne pre obchody, st\u00e1nky, stravovacie zariadenia a prev\u00e1dzky slu\u017eieb. Ka\u017ed\u00fd kontajner je mo\u017en\u00e9 zariadi\u0165 pod\u013ea potrieb z\u00e1kazn\u00edka &#8211; zvn\u00fatra aj zvonku, \u010do umo\u017e\u0148uje vytvori\u0165 atrakt\u00edvny a estetick\u00fd predajn\u00fd priestor, ktor\u00fd pril\u00e1ka z\u00e1kazn\u00edkov.<\/p>\n\n\n\n<p>Na\u0161e komer\u010dn\u00e9 kontajnery s\u00fa nielen praktick\u00e9, ale aj estetick\u00e9. M\u00f4\u017eu by\u0165 vybaven\u00e9 \u0161irok\u00fdmi v\u00fdkladmi pre dobr\u00fa vidite\u013enos\u0165 v\u00fdrobkov, osvet\u013eovac\u00edmi syst\u00e9mami, ako aj modern\u00fdmi vetrac\u00edmi alebo vykurovac\u00edmi syst\u00e9mami. Ka\u017ed\u00fd projekt prisp\u00f4sobujeme individu\u00e1lne s oh\u013eadom na potreby konkr\u00e9tneho odvetvia.<\/p>\n\n\n\n<h2 class=\"wp-block-heading\">Pre\u010do si vybra\u0165 na\u0161e kancel\u00e1rske a obchodn\u00e9 kontajnery v Malopo\u013esku?<\/h2>\n\n\n\n<p>Ak sa rozhodnete spolupracova\u0165 so spolo\u010dnos\u0165ou Szymbud, vyberiete si spo\u013eahlivos\u0165, profesionalitu a flexibiln\u00fd pr\u00edstup ku ka\u017ed\u00e9mu projektu. Pon\u00fakame <strong>kancel\u00e1rske kontajnery a obchodn\u00e9 kontajnery v Malopo\u013esku<\/strong>, ktor\u00e9 sp\u013a\u0148aj\u00fa v\u0161etky stavebn\u00e9 normy a estetick\u00e9 po\u017eiadavky. Na\u0161a ponuka je ide\u00e1lna pre mal\u00fdch podnikate\u013eov aj ve\u013ek\u00e9 spolo\u010dnosti, ktor\u00e9 potrebuj\u00fa mobiln\u00e9 rie\u0161enia.<\/p>\n\n\n\n<p><strong>V\u00fdhody v\u00fdberu kontajnerov Szymbud:<\/strong><\/p>\n\n\n\n<ul class=\"wp-block-list\">\n<li><strong>Flexibilita usporiadania &#8211;<\/strong> v\u010faka modul\u00e1rnej kon\u0161trukcii mo\u017eno kontajnery konfigurova\u0165, kombinova\u0165 a prisp\u00f4sobova\u0165 va\u0161im potreb\u00e1m.<\/li>\n\n\n\n<li><strong>Mobilita a funk\u010dnos\u0165<\/strong> &#8211; na\u0161e kancel\u00e1rske a obchodn\u00e9 kontajnery sa daj\u00fa \u013eahko premiest\u0148ova\u0165 a prisp\u00f4sobova\u0165 meniacim sa podmienkam na stavenisku.<\/li>\n\n\n\n<li><strong>Kvalitn\u00e9 spracovanie<\/strong> &#8211; pou\u017e\u00edvame len tie najkvalitnej\u0161ie materi\u00e1ly, \u010do zaru\u010duje dlh\u00fa \u017eivotnos\u0165 a odolnos\u0165 vo\u010di meniacim sa poveternostn\u00fdm podmienkam.<\/li>\n\n\n\n<li><strong>Kr\u00e1tke dodacie lehoty<\/strong> &#8211; ch\u00e1peme, ak\u00fd d\u00f4le\u017eit\u00fd je \u010das v podnikan\u00ed, a preto zabezpe\u010dujeme r\u00fdchle dodanie a in\u0161tal\u00e1ciu kontajnerov v celom Malopo\u013eskom regi\u00f3ne.<\/li>\n\n\n\n<li>\u00dasporn\u00e9<strong>a<\/strong> n\u00e1kladovo efekt\u00edvne &#8211; n\u00e1klady na n\u00e1kup a \u00fadr\u017ebu kontajnerov s\u00fa v\u00fdrazne ni\u017e\u0161ie ako n\u00e1klady na tradi\u010dn\u00e9 budovy, \u010do z nich rob\u00ed ide\u00e1lne rie\u0161enie pre ka\u017ed\u00fd rozpo\u010det.<\/li>\n<\/ul>\n\n\n\n<h2 class=\"wp-block-heading\">Ktor\u00e9 odvetvia m\u00f4\u017eu vyu\u017e\u00edva\u0165 na\u0161e kontajnery?<\/h2>\n\n\n\n<p>Na\u0161e kancel\u00e1rske kontajnery a obchodn\u00e9 kontajnery s\u00fa univerz\u00e1lne, tak\u017ee sa daj\u00fa pou\u017ei\u0165 v r\u00f4znych odvetviach:<\/p>\n\n\n\n<ul class=\"wp-block-list\">\n<li><strong>Stavebn\u00edctvo<\/strong> &#8211; mobiln\u00e9 kancel\u00e1rie pre stavebn\u00e9 firmy, ktor\u00e9 potrebuj\u00fa r\u00fdchlo dostupn\u00e9 kancel\u00e1rske priestory na stavenisku.<\/li>\n\n\n\n<li><strong>Maloobchod a stravovanie<\/strong> &#8211; kontajnery sa daj\u00fa pou\u017ei\u0165 ako obchody, kaviarne, st\u00e1nky s ob\u010derstven\u00edm, kami\u00f3ny alebo predajne slu\u017eieb.<\/li>\n\n\n\n<li><strong>Slu\u017eby a administrat\u00edva<\/strong> &#8211; ide\u00e1lne ako prenosn\u00e9 kancel\u00e1rie, informa\u010dn\u00e9 potty, recepcie alebo skladovacie priestory.<\/li>\n<\/ul>\n\n\n\n<h2 class=\"wp-block-heading\">Kontaktujte n\u00e1s e\u0161te dnes!<\/h2>\n\n\n\n<p>Ak potrebujete <strong>kancel\u00e1rsky<\/strong> alebo <strong>obchodn\u00fd<\/strong> <strong>kontajner<\/strong> <strong>v Malopo\u013esku<\/strong>, ne\u010dakajte &#8211; <a href=\"https:\/\/www.szymbud-pawilony.pl\/kontakt.html\"><strong>kontaktujte n\u00e1s<\/strong><\/a> a my v\u00e1m priprav\u00edme ponuku dokonale prisp\u00f4soben\u00fa va\u0161im potreb\u00e1m. N\u00e1\u0161 t\u00edm \u0161pecialistov v\u00e1m pom\u00f4\u017ee vybra\u0165 najlep\u0161ie rie\u0161enie a poskytne v\u00e1m pln\u00fa podporu v ka\u017edej f\u00e1ze projektu.<\/p>\n<\/div>\n","protected":false},"excerpt":{"rendered":"<p>Spolo\u010dnos\u0165 Szymbud sa \u0161pecializuje na poskytovanie modern\u00fdch, funk\u010dn\u00fdch a estetick\u00fdch kontajnerov. Ak h\u013ead\u00e1te kancel\u00e1rske kontajnery alebo obchodn\u00e9 kontajnery v Malopo\u013esku, toto je ide\u00e1lne miesto, kde n\u00e1jdete optim\u00e1lne rie\u0161enia. Na\u0161e v\u00fdrobky sp\u013a\u0148aj\u00fa najvy\u0161\u0161ie \u0161tandardy a sp\u00e1jaj\u00fa v sebe odolnos\u0165, mobilitu a modern\u00fd dizajn, v\u010faka \u010domu s\u00fa ide\u00e1lne na pou\u017eitie v kancel\u00e1rskych aj obchodn\u00fdch priestoroch. Modern\u00e9 kancel\u00e1rske [&hellip;]<\/p>\n","protected":false},"author":1,"featured_media":0,"parent":0,"menu_order":0,"comment_status":"closed","ping_status":"closed","template":"","meta":{"footnotes":""},"class_list":["post-1338","page","type-page","status-publish","hentry"],"_links":{"self":[{"href":"https:\/\/www.szymbud-pawilony.pl\/sk\/wp-json\/wp\/v2\/pages\/1338","targetHints":{"allow":["GET"]}}],"collection":[{"href":"https:\/\/www.szymbud-pawilony.pl\/sk\/wp-json\/wp\/v2\/pages"}],"about":[{"href":"https:\/\/www.szymbud-pawilony.pl\/sk\/wp-json\/wp\/v2\/types\/page"}],"author":[{"embeddable":true,"href":"https:\/\/www.szymbud-pawilony.pl\/sk\/wp-json\/wp\/v2\/users\/1"}],"replies":[{"embeddable":true,"href":"https:\/\/www.szymbud-pawilony.pl\/sk\/wp-json\/wp\/v2\/comments?post=1338"}],"version-history":[{"count":0,"href":"https:\/\/www.szymbud-pawilony.pl\/sk\/wp-json\/wp\/v2\/pages\/1338\/revisions"}],"wp:attachment":[{"href":"https:\/\/www.szymbud-pawilony.pl\/sk\/wp-json\/wp\/v2\/media?parent=1338"}],"curies":[{"name":"wp","href":"https:\/\/api.w.org\/{rel}","templated":true}]}}